{"id":97,"date":"2022-01-27T10:58:35","date_gmt":"2022-01-27T10:58:35","guid":{"rendered":"http:\/\/cognito.mprinsdesign.nl\/?page_id=97"},"modified":"2026-01-23T10:01:39","modified_gmt":"2026-01-23T10:01:39","slug":"lieu","status":"publish","type":"page","link":"https:\/\/carihuela-playa.com\/fr\/lieu\/","title":{"rendered":"lieu"},"content":{"rendered":"<section class=\"wpb-content-wrapper\"><div  class=\"content_row row page-content vc_row wpb_row  default-style fullwidth\" >\n\t\n\t<div class=\"content_row_wrapper  default\" >\n\t<div id=\"asdasd\" class=\"vc_col-sm-12 wpb_column vc_column_container\" >\n\t<div class=\"vc_column-inner\">\n\t\t<div class=\"wpb_wrapper\" >\n\t\t\t<div class=\"rt_heading_wrapper no-style\">\n\t\t\t\t\t\t<h1 class=\"rt_heading  no-style\"  style=\"font-size:24px;margin-top:24px;margin-bottom:0px;\">Lieu - <span class=\"after_h1\"> Carihuela Playa Resort<\/span><\/h1> \n\t\t\t\t\t<\/div><div class=\"vc_empty_space\"   style=\"height: 32px\"><span class=\"vc_empty_space_inner\"><\/span><\/div><div class=\"vc_separator wpb_content_element vc_separator_align_center vc_sep_width_100 vc_sep_style-4 vc_sep_pos_align_center vc_separator_no_text vc_sep_color_grey\" ><span class=\"vc_sep_holder vc_sep_holder_l\"><span class=\"vc_sep_line\"><\/span><\/span><span class=\"vc_sep_holder vc_sep_holder_r\"><span class=\"vc_sep_line\"><\/span><\/span>\n<\/div>\n\t\t<\/div>\n\t<\/div>\n\t<\/div>\n\n<\/div>\n<\/div>\n\n<div  class=\"content_row row room-list vc_row wpb_row  default-style fullwidth\" >\n\t\n\t<div class=\"content_row_wrapper  fullwidth\" >\n\t<div id=\"asdasd\" class=\"vc_col-sm-12 wpb_column vc_column_container\" >\n\t<div class=\"vc_column-inner\">\n\t\t<div class=\"wpb_wrapper\" >\n\t\t\t<div class=\"google_map_holder\" data-height=\"300\" data-scope=\"#map-485915\" data-bw=\"\"><\/div>\n\t<div class=\"wpb_text_column wpb_content_element\" >\n\t\t<div class=\"wpb_wrapper\">\n\t\t\t<div id=\"model-response-message-contentr_4601a7656fd1d75c\" class=\"markdown markdown-main-panel enable-updated-hr-color\" dir=\"ltr\" aria-live=\"off\" aria-busy=\"false\">\n<h3 data-path-to-node=\"3\">Guide de localisation : La Carihuela et Torremolinos<\/h3>\n<h4 data-path-to-node=\"5\"><b data-path-to-node=\"5\" data-index-in-node=\"0\">1. L&#039;emplacement id\u00e9al<\/b><\/h4>\n<p data-path-to-node=\"6\"><span data-path-to-node=\"6,0\">Le projet est en cours de construction sur l&#039;un des points les plus strat\u00e9giques de la Costa del Sol. <\/span><span data-path-to-node=\"6,2\"><span class=\"citation-125\">Situ\u00e9 sur le <\/span><b data-path-to-node=\"6,2\" data-index-in-node=\"15\"><span class=\"citation-125\">Avenida Carlota Alessandri<\/span><\/b><\/span><span data-path-to-node=\"6,5\"><span class=\"citation-124\">, vous \u00eates exactement \u00e0 la fronti\u00e8re entre le <strong>authentiques Torremolinos<\/strong> et le <strong>Benalm\u00e1dena, une ville dynamique<\/strong> Costa<\/span><\/span><span data-path-to-node=\"6,7\">. <\/span><span data-path-to-node=\"6,9\"><span class=\"citation-123\">Il s&#039;agit d&#039;un emplacement unique en bord de mer o\u00f9 de nouvelles constructions sont en cours entre M\u00e1laga et Estepona. <em>presque impossible \u00e0 trouver<\/em>s<\/span><\/span><span data-path-to-node=\"6,11\">. <\/span><span data-path-to-node=\"6,13\"><span class=\"citation-122\">Le quartier se caract\u00e9rise par un m\u00e9lange d&#039;esth\u00e9tique m\u00e9diterran\u00e9enne et d&#039;\u00e9quipements modernes.<\/span><\/span><\/p>\n<p style=\"text-align: center;\" data-path-to-node=\"29\">INSCRIVEZ-VOUS \u00c0 LA LISTE DE DIFFUSION PR\u00c9-LANCEMENT<br \/>\n<a href=\"https:\/\/carihuela-playa.com\/fr\/plus-dinformation\/\"><img decoding=\"async\" class=\"aligncenter wp-image-4453 size-thumbnail\" src=\"https:\/\/carihuela-playa.com\/wp-content\/uploads\/sites\/25\/2026\/01\/pre-launch-button-150x33.jpg\" alt=\"liste de diffusion pr\u00e9-lancement\" width=\"150\" height=\"33\" srcset=\"https:\/\/carihuela-playa.com\/wp-content\/uploads\/sites\/25\/2026\/01\/pre-launch-button-150x33.jpg 150w, https:\/\/carihuela-playa.com\/wp-content\/uploads\/sites\/25\/2026\/01\/pre-launch-button-18x3.jpg 18w\" sizes=\"(max-width: 150px) 100vw, 150px\" \/><\/a><\/p>\n<h4 data-path-to-node=\"6\"><b data-path-to-node=\"7\" data-index-in-node=\"0\">2. Plage et mer (La Carihuela)<\/b><\/h4>\n<p data-path-to-node=\"8\">Pour les amoureux de la plage, c&#039;est le point de d\u00e9part id\u00e9al.<\/p>\n<ul data-path-to-node=\"9\">\n<li>\n<p data-path-to-node=\"9,0,1\"><span data-path-to-node=\"9,0,1,0\"><b data-path-to-node=\"9,0,1,0\" data-index-in-node=\"0\"><span class=\"citation-121\">Distance:<\/span><\/b><span class=\"citation-121\"> Votre appartement est situ\u00e9 juste <\/span><b data-path-to-node=\"9,0,1,0\" data-index-in-node=\"40\"><span class=\"citation-121\">300 m\u00e8tres<\/span><\/b><span class=\"citation-121\"> \u00e0 distance de marche de la plage<span style=\"font-size: 13.3333px;\">.<\/span><\/span><\/span><\/p>\n<\/li>\n<li>\n<p data-path-to-node=\"9,1,1\"><span data-path-to-node=\"9,1,1,0\"><b data-path-to-node=\"9,1,1,0\" data-index-in-node=\"0\"><span class=\"citation-120\">Personnage:<\/span><\/b><span class=\"citation-120\"> La Carihuela jouit d&#039;une immense popularit\u00e9 depuis les ann\u00e9es 1970 gr\u00e2ce \u00e0 son <strong>vastes plages de sable<\/strong><\/span><\/span><span data-path-to-node=\"9,1,1,2\">.<\/span><\/p>\n<\/li>\n<li>\n<p data-path-to-node=\"9,2,0\"><b data-path-to-node=\"9,2,0\" data-index-in-node=\"0\">Exp\u00e9rience:<\/b> Contrairement \u00e0 d&#039;autres zones c\u00f4ti\u00e8res, vous trouverez ici encore le <strong>atmosph\u00e8re authentique<\/strong> ce qui explique la popularit\u00e9 de cette station baln\u00e9aire.<\/p>\n<\/li>\n<\/ul>\n<\/div>\n\n\t\t<\/div>\n\t<\/div>\n\n\t<div  class=\"wpb_single_image wpb_content_element vc_align_center\">\n\t\t\n\t\t<figure class=\"wpb_wrapper vc_figure\">\n\t\t\t<div class=\"vc_single_image-wrapper   vc_box_border_grey\"><img fetchpriority=\"high\" decoding=\"async\" width=\"1024\" height=\"512\" src=\"https:\/\/carihuela-playa.com\/wp-content\/uploads\/sites\/25\/2026\/01\/beach-Carihuela-2-1-1024x512.png\" class=\"vc_single_image-img attachment-large\" alt=\"Plage Carihuela - Torremolinos\" title=\"plage-Carihuela-2-1\" srcset=\"https:\/\/carihuela-playa.com\/wp-content\/uploads\/sites\/25\/2026\/01\/beach-Carihuela-2-1-1024x512.png 1024w, https:\/\/carihuela-playa.com\/wp-content\/uploads\/sites\/25\/2026\/01\/beach-Carihuela-2-1-300x150.png 300w, https:\/\/carihuela-playa.com\/wp-content\/uploads\/sites\/25\/2026\/01\/beach-Carihuela-2-1-768x384.png 768w, https:\/\/carihuela-playa.com\/wp-content\/uploads\/sites\/25\/2026\/01\/beach-Carihuela-2-1-1536x768.png 1536w, https:\/\/carihuela-playa.com\/wp-content\/uploads\/sites\/25\/2026\/01\/beach-Carihuela-2-1-2048x1024.png 2048w, https:\/\/carihuela-playa.com\/wp-content\/uploads\/sites\/25\/2026\/01\/beach-Carihuela-2-1-18x9.png 18w\" sizes=\"(max-width: 1024px) 100vw, 1024px\" \/><\/div>\n\t\t<\/figure>\n\t<\/div>\n<div class=\"vc_separator wpb_content_element vc_separator_align_center vc_sep_width_100 vc_sep_style-4 vc_sep_pos_align_center vc_separator_no_text vc_sep_color_grey\" ><span class=\"vc_sep_holder vc_sep_holder_l\"><span class=\"vc_sep_line\"><\/span><\/span><span class=\"vc_sep_holder vc_sep_holder_r\"><span class=\"vc_sep_line\"><\/span><\/span>\n<\/div>\n\t<div class=\"wpb_text_column wpb_content_element\" >\n\t\t<div class=\"wpb_wrapper\">\n\t\t\t<h4 data-path-to-node=\"10\"><\/h4>\n<h4 data-path-to-node=\"10\"><b data-path-to-node=\"10\" data-index-in-node=\"0\">3. Marina et sports nautiques<\/b><\/h4>\n<p data-path-to-node=\"11\">Aimeriez-vous fl\u00e2ner devant des yachts de luxe ou savourer un cocktail avec vue sur l&#039;eau ?<\/p>\n<ul data-path-to-node=\"12\">\n<li>\n<p data-path-to-node=\"12,0,1\"><span data-path-to-node=\"12,0,1,0\"><b data-path-to-node=\"12,0,1,0\" data-index-in-node=\"0\"><span class=\"citation-119\">Puerto Marina :<\/span><\/b><span class=\"citation-119\"> La propri\u00e9t\u00e9 est situ\u00e9e \u00e0 quelques pas de la magnifique marina prim\u00e9e de Benalm\u00e1dena, <\/span><b data-path-to-node=\"12,0,1,0\" data-index-in-node=\"113\"><span class=\"citation-119\">Puerto Marina<\/span><\/b><\/span><span data-path-to-node=\"12,0,1,2\">.<\/span><\/p>\n<\/li>\n<li>\n<p data-path-to-node=\"12,1,0\"><b data-path-to-node=\"12,1,0\" data-index-in-node=\"0\">Activit\u00e9s:<\/b> Le port est le centre des sports nautiques, des excursions en bateau et d&#039;une vie nocturne anim\u00e9e.<\/p>\n<\/li>\n<\/ul>\n\n\t\t<\/div>\n\t<\/div>\n\n\t<div  class=\"wpb_single_image wpb_content_element vc_align_center\">\n\t\t\n\t\t<figure class=\"wpb_wrapper vc_figure\">\n\t\t\t<div class=\"vc_single_image-wrapper   vc_box_border_grey\"><img decoding=\"async\" width=\"1024\" height=\"512\" src=\"https:\/\/carihuela-playa.com\/wp-content\/uploads\/sites\/25\/2026\/01\/Puerto-Benalmadena-Carihuela-2-1-1024x512.png\" class=\"vc_single_image-img attachment-large\" alt=\"marina - sports nautiques Carihuela Resort\" title=\"Puerto-Benalmadena-Carihuela-2-1\" srcset=\"https:\/\/carihuela-playa.com\/wp-content\/uploads\/sites\/25\/2026\/01\/Puerto-Benalmadena-Carihuela-2-1-1024x512.png 1024w, https:\/\/carihuela-playa.com\/wp-content\/uploads\/sites\/25\/2026\/01\/Puerto-Benalmadena-Carihuela-2-1-300x150.png 300w, https:\/\/carihuela-playa.com\/wp-content\/uploads\/sites\/25\/2026\/01\/Puerto-Benalmadena-Carihuela-2-1-768x384.png 768w, https:\/\/carihuela-playa.com\/wp-content\/uploads\/sites\/25\/2026\/01\/Puerto-Benalmadena-Carihuela-2-1-1536x768.png 1536w, https:\/\/carihuela-playa.com\/wp-content\/uploads\/sites\/25\/2026\/01\/Puerto-Benalmadena-Carihuela-2-1-2048x1024.png 2048w, https:\/\/carihuela-playa.com\/wp-content\/uploads\/sites\/25\/2026\/01\/Puerto-Benalmadena-Carihuela-2-1-18x9.png 18w\" sizes=\"(max-width: 1024px) 100vw, 1024px\" \/><\/div>\n\t\t<\/figure>\n\t<\/div>\n<div class=\"vc_separator wpb_content_element vc_separator_align_center vc_sep_width_100 vc_sep_style-4 vc_sep_pos_align_center vc_separator_no_text vc_sep_color_grey\" ><span class=\"vc_sep_holder vc_sep_holder_l\"><span class=\"vc_sep_line\"><\/span><\/span><span class=\"vc_sep_holder vc_sep_holder_r\"><span class=\"vc_sep_line\"><\/span><\/span>\n<\/div>\n\t<div class=\"wpb_text_column wpb_content_element\" >\n\t\t<div class=\"wpb_wrapper\">\n\t\t\t<h4 data-path-to-node=\"13\"><\/h4>\n<h4 data-path-to-node=\"13\"><b data-path-to-node=\"13\" data-index-in-node=\"0\">4. H\u00f4tellerie et gastronomie<\/b><\/h4>\n<p data-path-to-node=\"14\">Vous n&#039;\u00eates pas oblig\u00e9 de prendre la voiture pour une soir\u00e9e gastronomique.<\/p>\n<ul data-path-to-node=\"15\">\n<li>\n<p data-path-to-node=\"15,0,1\"><span data-path-to-node=\"15,0,1,0\"><b data-path-to-node=\"15,0,1,0\" data-index-in-node=\"0\"><span class=\"citation-118\">Environnement imm\u00e9diat :<\/span><\/b><span class=\"citation-118\"> Le quartier est connu pour ses nombreux <strong>restaurants et bars chaleureux<\/strong><\/span><\/span><span data-path-to-node=\"15,0,1,2\">.<\/span><\/p>\n<\/li>\n<li>\n<p data-path-to-node=\"15,1,1\"><span data-path-to-node=\"15,1,1,0\"><b data-path-to-node=\"15,1,1,0\" data-index-in-node=\"0\"><span class=\"citation-117\">Au complexe h\u00f4telier :<\/span><\/b><span class=\"citation-117\"> Le nouveau complexe abritera des espaces commerciaux au rez-de-chauss\u00e9e, cr\u00e9ant ainsi une ambiance dynamique \u00e0 deux pas de chez vous.<\/span><\/span><span data-path-to-node=\"15,1,1,2\">.<\/span><\/p>\n<\/li>\n<li>\n<p data-path-to-node=\"15,1,1\"><span data-path-to-node=\"15,2,1,0\"><b data-path-to-node=\"15,2,1,0\" data-index-in-node=\"0\"><span class=\"citation-116\">Vivacit\u00e9:<\/span><\/b><span class=\"citation-116\"> L&#039;objectif est de cr\u00e9er un environnement vivant 24 heures sur 24, afin que <strong>\u00e9galement en saison hivernale<\/strong> reste confortable<\/span><\/span><span data-path-to-node=\"15,2,1,2\">.<\/span><\/p>\n<\/li>\n<\/ul>\n\n\t\t<\/div>\n\t<\/div>\n\n\t<div  class=\"wpb_single_image wpb_content_element vc_align_center\">\n\t\t\n\t\t<figure class=\"wpb_wrapper vc_figure\">\n\t\t\t<div class=\"vc_single_image-wrapper   vc_box_border_grey\"><img loading=\"lazy\" decoding=\"async\" width=\"1024\" height=\"512\" src=\"https:\/\/carihuela-playa.com\/wp-content\/uploads\/sites\/25\/2026\/01\/fruitsdemer-carihuela-beach-2-1-1024x512.png\" class=\"vc_single_image-img attachment-large\" alt=\"Plage Carihuela Torremolinos - Fruits de Mer\" title=\"fruitsdemer-carihuela-plage-2-1\" srcset=\"https:\/\/carihuela-playa.com\/wp-content\/uploads\/sites\/25\/2026\/01\/fruitsdemer-carihuela-beach-2-1-1024x512.png 1024w, https:\/\/carihuela-playa.com\/wp-content\/uploads\/sites\/25\/2026\/01\/fruitsdemer-carihuela-beach-2-1-300x150.png 300w, https:\/\/carihuela-playa.com\/wp-content\/uploads\/sites\/25\/2026\/01\/fruitsdemer-carihuela-beach-2-1-768x384.png 768w, https:\/\/carihuela-playa.com\/wp-content\/uploads\/sites\/25\/2026\/01\/fruitsdemer-carihuela-beach-2-1-1536x768.png 1536w, https:\/\/carihuela-playa.com\/wp-content\/uploads\/sites\/25\/2026\/01\/fruitsdemer-carihuela-beach-2-1-2048x1024.png 2048w, https:\/\/carihuela-playa.com\/wp-content\/uploads\/sites\/25\/2026\/01\/fruitsdemer-carihuela-beach-2-1-18x9.png 18w\" sizes=\"(max-width: 1024px) 100vw, 1024px\" \/><\/div>\n\t\t<\/figure>\n\t<\/div>\n<div class=\"vc_separator wpb_content_element vc_separator_align_center vc_sep_width_100 vc_sep_style-4 vc_sep_pos_align_center vc_separator_no_text vc_sep_color_grey\" ><span class=\"vc_sep_holder vc_sep_holder_l\"><span class=\"vc_sep_line\"><\/span><\/span><span class=\"vc_sep_holder vc_sep_holder_r\"><span class=\"vc_sep_line\"><\/span><\/span>\n<\/div>\n\t<div class=\"wpb_text_column wpb_content_element\" >\n\t\t<div class=\"wpb_wrapper\">\n\t\t\t<h4 data-path-to-node=\"16\"><\/h4>\n<h4 data-path-to-node=\"16\"><b data-path-to-node=\"16\" data-index-in-node=\"0\">5. Accessibilit\u00e9 et infrastructure<\/b><\/h4>\n<p data-path-to-node=\"17\"><span data-path-to-node=\"17,0\">Pour l&#039;acheteur international, l&#039;accessibilit\u00e9 est essentielle. <\/span><span data-path-to-node=\"17,2\"><span class=\"citation-115\">L&#039;infrastructure qui entoure le projet est excellente<span style=\"font-size: 13.3333px;\">.<\/span><\/span><\/span><\/p>\n<ul data-path-to-node=\"18\">\n<li>\n<p data-path-to-node=\"18,0,1\"><span data-path-to-node=\"18,0,1,0\"><b data-path-to-node=\"18,0,1,0\" data-index-in-node=\"0\"><span class=\"citation-114\">A\u00e9roport:<\/span><\/b><span class=\"citation-114\"> L&#039;a\u00e9roport de Malaga est seulement <\/span><b data-path-to-node=\"18,0,1,0\" data-index-in-node=\"43\"><span class=\"citation-114\">15 minutes en voiture<\/span><\/b><\/span><span data-path-to-node=\"18,0,1,2\">.\u00a0<\/span><\/p>\n<\/li>\n<li>\n<p data-path-to-node=\"18,1,1\"><span data-path-to-node=\"18,1,1,0\"><b data-path-to-node=\"18,1,1,0\" data-index-in-node=\"0\"><span class=\"citation-113\">Transports publics :<\/span><\/b><span class=\"citation-113\"> L&#039;emplacement est facilement accessible par les deux <strong>le train (ligne Cercan\u00edas) et le bus<\/strong><\/span><\/span><span data-path-to-node=\"18,1,1,2\">Cela rend la voiture inutile pour se rendre en ville \u00e0 Malaga ou \u00e0 l&#039;a\u00e9roport.<\/span><\/p>\n<\/li>\n<li>\n<p data-path-to-node=\"18,2,1\"><span data-path-to-node=\"18,2,1,0\"><b data-path-to-node=\"18,2,1,0\" data-index-in-node=\"0\"><span class=\"citation-112\">Parking:<\/span><\/b><span class=\"citation-112\"> Dans un quartier o\u00f9 le stationnement est souvent difficile, ce projet a plus de <strong>500 places de stationnement<\/strong><\/span><\/span><span data-path-to-node=\"18,2,1,2\">.<\/span><\/p>\n<\/li>\n<\/ul>\n\n\t\t<\/div>\n\t<\/div>\n\n\t<div  class=\"wpb_single_image wpb_content_element vc_align_center\">\n\t\t\n\t\t<figure class=\"wpb_wrapper vc_figure\">\n\t\t\t<div class=\"vc_single_image-wrapper   vc_box_border_grey\"><img loading=\"lazy\" decoding=\"async\" width=\"1024\" height=\"512\" src=\"https:\/\/carihuela-playa.com\/wp-content\/uploads\/sites\/25\/2026\/01\/malaga-airport-2-1-1024x512.png\" class=\"vc_single_image-img attachment-large\" alt=\"A\u00e9roport de M\u00e1laga - \u00e0 15 minutes du Carihuela Playa Resort\" title=\"a\u00e9roport de Malaga-2-1\" srcset=\"https:\/\/carihuela-playa.com\/wp-content\/uploads\/sites\/25\/2026\/01\/malaga-airport-2-1-1024x512.png 1024w, https:\/\/carihuela-playa.com\/wp-content\/uploads\/sites\/25\/2026\/01\/malaga-airport-2-1-300x150.png 300w, https:\/\/carihuela-playa.com\/wp-content\/uploads\/sites\/25\/2026\/01\/malaga-airport-2-1-768x384.png 768w, https:\/\/carihuela-playa.com\/wp-content\/uploads\/sites\/25\/2026\/01\/malaga-airport-2-1-1536x768.png 1536w, https:\/\/carihuela-playa.com\/wp-content\/uploads\/sites\/25\/2026\/01\/malaga-airport-2-1-2048x1024.png 2048w, https:\/\/carihuela-playa.com\/wp-content\/uploads\/sites\/25\/2026\/01\/malaga-airport-2-1-18x9.png 18w\" sizes=\"(max-width: 1024px) 100vw, 1024px\" \/><\/div>\n\t\t<\/figure>\n\t<\/div>\n<div class=\"vc_separator wpb_content_element vc_separator_align_center vc_sep_width_100 vc_sep_style-1 vc_sep_pos_align_center vc_separator_no_text vc_sep_color_grey\" ><span class=\"vc_sep_holder vc_sep_holder_l\"><span class=\"vc_sep_line\"><\/span><\/span><span class=\"vc_sep_holder vc_sep_holder_r\"><span class=\"vc_sep_line\"><\/span><\/span>\n<\/div>\n\t<div class=\"wpb_text_column wpb_content_element\" >\n\t\t<div class=\"wpb_wrapper\">\n\t\t\t<h4 data-path-to-node=\"19\"><\/h4>\n<h4 data-path-to-node=\"19\"><b data-path-to-node=\"19\" data-index-in-node=\"0\">6. Climat et environnement d&#039;investissement<\/b><\/h4>\n<p data-path-to-node=\"20\">Pourquoi investir dans ce lieu pr\u00e9cis ?<\/p>\n<ul data-path-to-node=\"21\">\n<li>\n<p data-path-to-node=\"21,0,1\"><span data-path-to-node=\"21,0,1,0\"><b data-path-to-node=\"21,0,1,0\" data-index-in-node=\"0\"><span class=\"citation-111\">Raret\u00e9:<\/span><\/b><span class=\"citation-111\"> Il n&#039;y a pratiquement plus de terrains disponibles sur la Costa del Sol pour ce type de projet.<\/span><\/span><span data-path-to-node=\"21,0,1,2\">. <\/span><span data-path-to-node=\"21,0,1,4\"><span class=\"citation-110\">C&#039;\u00e9tait l&#039;emplacement de l&#039;ancien h\u00f4tel cinq \u00e9toiles Meli\u00e1, un lieu embl\u00e9matique qui se transforme aujourd&#039;hui en un complexe r\u00e9sidentiel moderne apr\u00e8s 20 ans.<\/span><\/span><span data-path-to-node=\"21,0,1,6\">.<\/span><\/p>\n<\/li>\n<li>\n<p data-path-to-node=\"21,1,1\"><span data-path-to-node=\"21,1,1,0\"><b data-path-to-node=\"21,1,1,0\" data-index-in-node=\"0\"><span class=\"citation-109\">D\u00e9veloppement de la valeur :<\/span><\/b><span class=\"citation-109\"> Du fait de son emplacement exceptionnel en bord de mer, les prix devraient augmenter pendant les travaux. <strong>20% \u00e0 30%<\/strong> augmentera<\/span><\/span><span data-path-to-node=\"21,1,1,2\">.<\/span><\/p>\n<\/li>\n<li>\n<p data-path-to-node=\"21,2,1\"><span data-path-to-node=\"21,2,1,0\"><b data-path-to-node=\"21,2,1,0\" data-index-in-node=\"0\"><span class=\"citation-108\">R\u00e9novation urbaine :<\/span><\/b><span class=\"citation-108\"> La municipalit\u00e9 s&#039;est engag\u00e9e dans la r\u00e9novation urbaine et la v\u00e9g\u00e9talisation de l&#039;avenue Carlota Alessandri, ce qui donnera au quartier un nouveau statut central.<\/span><\/span><\/p>\n<\/li>\n<\/ul>\n<p style=\"text-align: center;\" data-path-to-node=\"29\">INSCRIVEZ-VOUS \u00c0 LA LISTE DE DIFFUSION PR\u00c9-LANCEMENT<br \/>\n<a href=\"https:\/\/carihuela-playa.com\/fr\/plus-dinformation\/\"><img decoding=\"async\" class=\"aligncenter wp-image-4453 size-thumbnail\" src=\"https:\/\/carihuela-playa.com\/wp-content\/uploads\/sites\/25\/2026\/01\/pre-launch-button-150x33.jpg\" alt=\"liste de diffusion pr\u00e9-lancement\" width=\"150\" height=\"33\" srcset=\"https:\/\/carihuela-playa.com\/wp-content\/uploads\/sites\/25\/2026\/01\/pre-launch-button-150x33.jpg 150w, https:\/\/carihuela-playa.com\/wp-content\/uploads\/sites\/25\/2026\/01\/pre-launch-button-18x3.jpg 18w\" sizes=\"(max-width: 150px) 100vw, 150px\" \/><\/a><\/p>\n\n\t\t<\/div>\n\t<\/div>\n\n\t\t<\/div>\n\t<\/div>\n\t<\/div>\n\n<\/div>\n<\/div>\n\n<div  class=\"content_row row vc_row wpb_row  default-style fullwidth\" >\n\t\n\t<div class=\"content_row_wrapper  default\" >\n\t<div id=\"asdasd\" class=\"vc_col-sm-12 wpb_column vc_column_container\" >\n\t<div class=\"vc_column-inner\">\n\t\t<div class=\"wpb_wrapper\" >\n\t\t\t\n\t\t<\/div>\n\t<\/div>\n\t<\/div>\n\n<\/div>\n<\/div>\n\n<div  class=\"content_row row vc_row wpb_row  default-style fullwidth\" >\n\t\n\t<div class=\"content_row_wrapper  default\" >\n\t<div id=\"asdasd\" class=\"vc_col-sm-12 wpb_column vc_column_container\" >\n\t<div class=\"vc_column-inner\">\n\t\t<div class=\"wpb_wrapper\" >\n\t\t\t\n\t\t<\/div>\n\t<\/div>\n\t<\/div>\n\n<\/div>\n<\/div>\n\n<div  class=\"content_row row vc_row wpb_row  default-style fullwidth\" >\n\t\n\t<div class=\"content_row_wrapper  default\" >\n\t<div id=\"asdasd\" class=\"vc_col-sm-12 wpb_column vc_column_container\" >\n\t<div class=\"vc_column-inner\">\n\t\t<div class=\"wpb_wrapper\" >\n\t\t\t\n\t\t<\/div>\n\t<\/div>\n\t<\/div>\n\n<\/div>\n<\/div>\n\n<div  class=\"content_row row vc_row wpb_row  default-style fullwidth\" >\n\t\n\t<div class=\"content_row_wrapper  default\" >\n\t<div id=\"asdasd\" class=\"vc_col-sm-12 wpb_column vc_column_container\" >\n\t<div class=\"vc_column-inner\">\n\t\t<div class=\"wpb_wrapper\" >\n\t\t\t\n\t\t<\/div>\n\t<\/div>\n\t<\/div>\n\n<\/div>\n<\/div>\n<\/section>","protected":false},"excerpt":{"rendered":"<p>\u2026 <a class=\"more-link\" href=\"https:\/\/carihuela-playa.com\/fr\/lieu\/\">continuer la lecture<\/a><\/p>","protected":false},"author":1,"featured_media":4428,"parent":0,"menu_order":5,"comment_status":"closed","ping_status":"closed","template":"","meta":{"footnotes":""},"class_list":["post-97","page","type-page","status-publish","has-post-thumbnail","hentry"],"yoast_head":"<!-- This site is optimized with the Yoast SEO plugin v26.0 - https:\/\/yoast.com\/wordpress\/plugins\/seo\/ -->\n<title>Locatie - Playa Carihuela Appartmenten<\/title>\n<meta name=\"robots\" content=\"index, follow, max-snippet:-1, max-image-preview:large, max-video-preview:-1\" \/>\n<link rel=\"canonical\" href=\"https:\/\/carihuela-playa.com\/fr\/lieu\/\" \/>\n<meta property=\"og:locale\" content=\"fr_FR\" \/>\n<meta property=\"og:type\" content=\"article\" \/>\n<meta property=\"og:title\" content=\"Locatie - Playa Carihuela Appartmenten\" \/>\n<meta property=\"og:url\" content=\"https:\/\/carihuela-playa.com\/fr\/lieu\/\" \/>\n<meta property=\"og:site_name\" content=\"Playa Carihuela Appartmenten\" \/>\n<meta property=\"article:modified_time\" content=\"2026-01-23T10:01:39+00:00\" \/>\n<meta property=\"og:image\" content=\"https:\/\/carihuela-playa.com\/wp-content\/uploads\/sites\/25\/2026\/01\/carihuela-resort-location-map.jpg\" \/>\n\t<meta property=\"og:image:width\" content=\"2148\" \/>\n\t<meta property=\"og:image:height\" content=\"712\" \/>\n\t<meta property=\"og:image:type\" content=\"image\/jpeg\" \/>\n<meta name=\"twitter:card\" content=\"summary_large_image\" \/>\n<meta name=\"twitter:label1\" content=\"Dur\u00e9e de lecture estim\u00e9e\" \/>\n\t<meta name=\"twitter:data1\" content=\"5 minutes\" \/>\n<script type=\"application\/ld+json\" class=\"yoast-schema-graph\">{\"@context\":\"https:\/\/schema.org\",\"@graph\":[{\"@type\":\"WebPage\",\"@id\":\"https:\/\/carihuela-playa.com\/locatie\/\",\"url\":\"https:\/\/carihuela-playa.com\/locatie\/\",\"name\":\"Locatie - Playa Carihuela Appartmenten\",\"isPartOf\":{\"@id\":\"https:\/\/carihuela-playa.com\/#website\"},\"primaryImageOfPage\":{\"@id\":\"https:\/\/carihuela-playa.com\/locatie\/#primaryimage\"},\"image\":{\"@id\":\"https:\/\/carihuela-playa.com\/locatie\/#primaryimage\"},\"thumbnailUrl\":\"https:\/\/carihuela-playa.com\/wp-content\/uploads\/sites\/25\/2026\/01\/carihuela-resort-location-map.jpg\",\"datePublished\":\"2022-01-27T10:58:35+00:00\",\"dateModified\":\"2026-01-23T10:01:39+00:00\",\"breadcrumb\":{\"@id\":\"https:\/\/carihuela-playa.com\/locatie\/#breadcrumb\"},\"inLanguage\":\"fr-FR\",\"potentialAction\":[{\"@type\":\"ReadAction\",\"target\":[\"https:\/\/carihuela-playa.com\/locatie\/\"]}]},{\"@type\":\"ImageObject\",\"inLanguage\":\"fr-FR\",\"@id\":\"https:\/\/carihuela-playa.com\/locatie\/#primaryimage\",\"url\":\"https:\/\/carihuela-playa.com\/wp-content\/uploads\/sites\/25\/2026\/01\/carihuela-resort-location-map.jpg\",\"contentUrl\":\"https:\/\/carihuela-playa.com\/wp-content\/uploads\/sites\/25\/2026\/01\/carihuela-resort-location-map.jpg\",\"width\":2148,\"height\":712,\"caption\":\"map Carihuela Playa Resort\"},{\"@type\":\"BreadcrumbList\",\"@id\":\"https:\/\/carihuela-playa.com\/locatie\/#breadcrumb\",\"itemListElement\":[{\"@type\":\"ListItem\",\"position\":1,\"name\":\"Home\",\"item\":\"https:\/\/carihuela-playa.com\/\"},{\"@type\":\"ListItem\",\"position\":2,\"name\":\"Locatie\"}]},{\"@type\":\"WebSite\",\"@id\":\"https:\/\/carihuela-playa.com\/#website\",\"url\":\"https:\/\/carihuela-playa.com\/\",\"name\":\"Playa Carihuela Appartmenten\",\"description\":\"Pre-Launch - Carihuela Playa - toplocatie Torremolinos\",\"potentialAction\":[{\"@type\":\"SearchAction\",\"target\":{\"@type\":\"EntryPoint\",\"urlTemplate\":\"https:\/\/carihuela-playa.com\/?s={search_term_string}\"},\"query-input\":{\"@type\":\"PropertyValueSpecification\",\"valueRequired\":true,\"valueName\":\"search_term_string\"}}],\"inLanguage\":\"fr-FR\"}]}<\/script>\n<!-- \/ Yoast SEO plugin. -->","yoast_head_json":{"title":"Emplacement - Appartements Playa Carihuela","robots":{"index":"index","follow":"follow","max-snippet":"max-snippet:-1","max-image-preview":"max-image-preview:large","max-video-preview":"max-video-preview:-1"},"canonical":"https:\/\/carihuela-playa.com\/fr\/lieu\/","og_locale":"fr_FR","og_type":"article","og_title":"Locatie - Playa Carihuela Appartmenten","og_url":"https:\/\/carihuela-playa.com\/fr\/lieu\/","og_site_name":"Playa Carihuela Appartmenten","article_modified_time":"2026-01-23T10:01:39+00:00","og_image":[{"width":2148,"height":712,"url":"https:\/\/carihuela-playa.com\/wp-content\/uploads\/sites\/25\/2026\/01\/carihuela-resort-location-map.jpg","type":"image\/jpeg"}],"twitter_card":"summary_large_image","twitter_misc":{"Dur\u00e9e de lecture estim\u00e9e":"5 minutes"},"schema":{"@context":"https:\/\/schema.org","@graph":[{"@type":"WebPage","@id":"https:\/\/carihuela-playa.com\/locatie\/","url":"https:\/\/carihuela-playa.com\/locatie\/","name":"Emplacement - Appartements Playa Carihuela","isPartOf":{"@id":"https:\/\/carihuela-playa.com\/#website"},"primaryImageOfPage":{"@id":"https:\/\/carihuela-playa.com\/locatie\/#primaryimage"},"image":{"@id":"https:\/\/carihuela-playa.com\/locatie\/#primaryimage"},"thumbnailUrl":"https:\/\/carihuela-playa.com\/wp-content\/uploads\/sites\/25\/2026\/01\/carihuela-resort-location-map.jpg","datePublished":"2022-01-27T10:58:35+00:00","dateModified":"2026-01-23T10:01:39+00:00","breadcrumb":{"@id":"https:\/\/carihuela-playa.com\/locatie\/#breadcrumb"},"inLanguage":"fr-FR","potentialAction":[{"@type":"ReadAction","target":["https:\/\/carihuela-playa.com\/locatie\/"]}]},{"@type":"ImageObject","inLanguage":"fr-FR","@id":"https:\/\/carihuela-playa.com\/locatie\/#primaryimage","url":"https:\/\/carihuela-playa.com\/wp-content\/uploads\/sites\/25\/2026\/01\/carihuela-resort-location-map.jpg","contentUrl":"https:\/\/carihuela-playa.com\/wp-content\/uploads\/sites\/25\/2026\/01\/carihuela-resort-location-map.jpg","width":2148,"height":712,"caption":"map Carihuela Playa Resort"},{"@type":"BreadcrumbList","@id":"https:\/\/carihuela-playa.com\/locatie\/#breadcrumb","itemListElement":[{"@type":"ListItem","position":1,"name":"Home","item":"https:\/\/carihuela-playa.com\/"},{"@type":"ListItem","position":2,"name":"Locatie"}]},{"@type":"WebSite","@id":"https:\/\/carihuela-playa.com\/#website","url":"https:\/\/carihuela-playa.com\/","name":"Appartements Playa Carihuela","description":"Avant-premi\u00e8re - Carihuela Playa - emplacement de choix \u00e0 Torremolinos","potentialAction":[{"@type":"SearchAction","target":{"@type":"EntryPoint","urlTemplate":"https:\/\/carihuela-playa.com\/?s={search_term_string}"},"query-input":{"@type":"PropertyValueSpecification","valueRequired":true,"valueName":"search_term_string"}}],"inLanguage":"fr-FR"}]}},"_links":{"self":[{"href":"https:\/\/carihuela-playa.com\/fr\/wp-json\/wp\/v2\/pages\/97","targetHints":{"allow":["GET"]}}],"collection":[{"href":"https:\/\/carihuela-playa.com\/fr\/wp-json\/wp\/v2\/pages"}],"about":[{"href":"https:\/\/carihuela-playa.com\/fr\/wp-json\/wp\/v2\/types\/page"}],"author":[{"embeddable":true,"href":"https:\/\/carihuela-playa.com\/fr\/wp-json\/wp\/v2\/users\/1"}],"replies":[{"embeddable":true,"href":"https:\/\/carihuela-playa.com\/fr\/wp-json\/wp\/v2\/comments?post=97"}],"version-history":[{"count":33,"href":"https:\/\/carihuela-playa.com\/fr\/wp-json\/wp\/v2\/pages\/97\/revisions"}],"predecessor-version":[{"id":4473,"href":"https:\/\/carihuela-playa.com\/fr\/wp-json\/wp\/v2\/pages\/97\/revisions\/4473"}],"wp:featuredmedia":[{"embeddable":true,"href":"https:\/\/carihuela-playa.com\/fr\/wp-json\/wp\/v2\/media\/4428"}],"wp:attachment":[{"href":"https:\/\/carihuela-playa.com\/fr\/wp-json\/wp\/v2\/media?parent=97"}],"curies":[{"name":"wp","href":"https:\/\/api.w.org\/{rel}","templated":true}]}}